{"id":27,"date":"2022-02-01T14:41:34","date_gmt":"2022-02-01T11:41:34","guid":{"rendered":"http:\/\/kagiosb.org.tr\/?page_id=27"},"modified":"2026-01-06T14:18:20","modified_gmt":"2026-01-06T11:18:20","slug":"mutesebbis-heyet","status":"publish","type":"page","link":"https:\/\/kagiosb.org.tr\/index.php\/mutesebbis-heyet\/","title":{"rendered":"M\u00fcte\u015febbis Heyet"},"content":{"rendered":"\t\t<div data-elementor-type=\"wp-page\" data-elementor-id=\"27\" class=\"elementor elementor-27\">\n\t\t\t\t\t\t<section class=\"elementor-section elementor-top-section elementor-element elementor-element-5c2d9b5 elementor-section-boxed elementor-section-height-default elementor-section-height-default\" data-id=\"5c2d9b5\" data-element_type=\"section\" data-e-type=\"section\">\n\t\t\t\t\t\t<div class=\"elementor-container elementor-column-gap-default\">\n\t\t\t\t\t<div class=\"elementor-column elementor-col-100 elementor-top-column elementor-element elementor-element-7f4da97e\" data-id=\"7f4da97e\" data-element_type=\"column\" data-e-type=\"column\">\n\t\t\t<div class=\"elementor-widget-wrap elementor-element-populated\">\n\t\t\t\t\t\t<div class=\"elementor-element elementor-element-485ed65b elementor-widget elementor-widget-text-editor\" data-id=\"485ed65b\" data-element_type=\"widget\" data-e-type=\"widget\" data-widget_type=\"text-editor.default\">\n\t\t\t\t<div class=\"elementor-widget-container\">\n\t\t\t\t\t\t\t\t\t<p>OSB\u2019nin en \u00fcst karar organ\u0131d\u0131r. M\u00fcte\u015febbis heyet, OSB\u2019nin kurulu\u015funa kat\u0131lan kurum ve kurulu\u015flar\u0131n karar organlar\u0131nca, organlar\u0131nda g\u00f6revli olanlardan veya mensuplar\u0131 aras\u0131ndan tespit edilecek on be\u015f as\u0131l ve on be\u015f yedek \u00fcyeden olu\u015fur.<\/p>\n<p><!-- \/wp:paragraph --><!-- wp:table {\"hasFixedLayout\":false,\"align\":\"center\",\"className\":\"is-style-stripes\"} --><\/p>\n<figure class=\"wp-block-table aligncenter is-style-stripes\">\n<table>\n<tbody>\n<tr>\n<td class=\"has-text-align-left\" data-align=\"left\"><strong>M\u00dcTE\u015eEBB\u0130S HEYET ASIL \u00dcYELER\u0130<\/strong><\/td>\n<td class=\"has-text-align-left\" data-align=\"left\"><strong>M\u00dcTE\u015eEBB\u0130S HEYET YEDEK \u00dcYELER\u0130<\/strong><\/td>\n<td class=\"has-text-align-left\" data-align=\"left\"><strong>TEMS\u0130L ETT\u0130KLER\u0130 KURUM VE KURULU\u015e<\/strong><\/td>\n<\/tr>\n<tr>\n<td class=\"has-text-align-left\" data-align=\"left\">&nbsp;1-Ba\u015fkan:&nbsp;<span style=\"background-color: rgb(240, 240, 240);\">Erdo\u011fan Emrah HATUNO\u011eLU<br>Kurumdaki G\u00f6revi: D\u0131\u015f \u0130li\u015fkiler D.B.<\/span><\/td>\n<td class=\"has-text-align-left\" data-align=\"left\">Ramazan \u00c7EL\u0130K<br>Kurumdaki G\u00f6revi: Meclis \u00dcyesi<\/td>\n<td class=\"has-text-align-left\" data-align=\"left\">Kahramanmara\u015f B\u00fcy\u00fck\u015fehir Belediyesi<\/td>\n<\/tr>\n<tr>\n<td class=\"has-text-align-left\" data-align=\"left\">2- Ba\u015fkan V.: Fatih B\u00dcLB\u00dcL<br>Kurumdaki G\u00f6revi: Kent Esteti\u011fi ve Ye\u015fil Alanlar D.B.<\/td>\n<td class=\"has-text-align-left\" data-align=\"left\"><span style=\"background-color: rgb(255, 255, 255);\">Abdurrahman Erdem BAYDEM\u0130R<\/span><br>Kurumdaki G\u00f6revi: Kentsel D\u00f6n\u00fc\u015f\u00fcm \u015eube Md<\/td>\n<td class=\"has-text-align-left\" data-align=\"left\">Kahramanmara\u015f B\u00fcy\u00fck\u015fehir Belediyesi<\/td>\n<\/tr>\n<tr>\n<td class=\"has-text-align-left\" data-align=\"left\">3- \u00dcye: Bilal Atalay SELAMET<br>Kurumdaki G\u00f6revi: Bas\u0131n ve Halkla \u0130li\u015fkiler \u015eube Md<\/td>\n<td class=\"has-text-align-left\" data-align=\"left\">\u0130lyas KARAGE\u00c7EN<br>Kurumdaki G\u00f6revi: Bas\u0131n ve Yay\u0131n \u015eube Md<\/td>\n<td class=\"has-text-align-left\" data-align=\"left\">Kahramanmara\u015f B\u00fcy\u00fck\u015fehir Belediyesi<\/td>\n<\/tr>\n<tr>\n<td class=\"has-text-align-left\" data-align=\"left\">4-\u00dcye:&nbsp; \u00d6kke\u015f KAR<br>Kurumdaki G\u00f6revi: Meclis \u00dcyesi<\/td>\n<td class=\"has-text-align-left\" data-align=\"left\">G\u00f6ktu\u011f KARA<br>Kurumdaki G\u00f6revi: Destek Hizmetleri D.B.<\/td>\n<td class=\"has-text-align-left\" data-align=\"left\">Kahramanmara\u015f B\u00fcy\u00fck\u015fehir Belediyesi<\/td>\n<\/tr>\n<tr>\n<td class=\"has-text-align-left\" data-align=\"left\">5-\u00dcye: Mesut \u0130MALI<br>Kurumdaki G\u00f6revi: Meclis \u00dcyesi<\/td>\n<td class=\"has-text-align-left\" data-align=\"left\">Cemil BOLAT<br>Kurumdaki G\u00f6revi: Bina Giderleri ve \u0130dari \u0130\u015fler \u015eube Md<\/td>\n<td class=\"has-text-align-left\" data-align=\"left\">Kahramanmara\u015f B\u00fcy\u00fck\u015fehir Belediyesi<\/td>\n<\/tr>\n<tr>\n<td class=\"has-text-align-left\" data-align=\"left\">6-\u00dcye: O\u011fuzhan \u00d6RER<br>Kurumdaki G\u00f6revi: ARGE ve Enerji \u015eube Md<\/td>\n<td class=\"has-text-align-left\" data-align=\"left\">Ferit \u00d6ZDEM\u0130R<br>Kurumdaki G\u00f6revi: M\u00fchendis<\/td>\n<td class=\"has-text-align-left\" data-align=\"left\">Kahramanmara\u015f B\u00fcy\u00fck\u015fehir Belediyesi<\/td>\n<\/tr>\n<tr>\n<td class=\"has-text-align-left\" data-align=\"left\">7-\u00dcye: Yusuf O\u011eUL<br>Kurumdaki G\u00f6revi: Meclis \u00dcyesi<\/td>\n<td class=\"has-text-align-left\" data-align=\"left\">Adem K\u00d6SE<br>Kurumdaki G\u00f6revi: Meclis \u00dcyesi<\/td>\n<td class=\"has-text-align-left\" data-align=\"left\">T\u00fcrko\u011flu Belediyesi<\/td>\n<\/tr>\n<tr>\n<td class=\"has-text-align-left\" data-align=\"left\">8-\u00dcye: Mehmet KIZILARSLAN<br>Kurumdaki G\u00f6revi: Meclis \u00dcyesi<\/td>\n<td class=\"has-text-align-left\" data-align=\"left\"><br>Kurumdaki G\u00f6revi:&nbsp;<\/td>\n<td class=\"has-text-align-left\" data-align=\"left\">T\u00fcrko\u011flu Belediyesi<\/td>\n<\/tr>\n<tr>\n<td class=\"has-text-align-left\" data-align=\"left\">9-\u00dcye:Mikail UTLU<br>Kurumdaki G\u00f6revi: Meclis \u00dcyesi<\/td>\n<td class=\"has-text-align-left\" data-align=\"left\">Muharrem \u00d6Z\u015eERBET\u00c7\u0130<br>Kurumdaki G\u00f6revi: Meclis \u00dcyesi<\/td>\n<td class=\"has-text-align-left\" data-align=\"left\">Kahramanmara\u015f Ticaret ve Sanayi Odas\u0131<\/td>\n<\/tr>\n<tr>\n<td class=\"has-text-align-left\" data-align=\"left\">10-\u00dcye: \u00d6kke\u015f KARAYA\u011eLI<br>Kurumdaki G\u00f6revi: Meclis Ba\u015fkan\u0131<\/td>\n<td class=\"has-text-align-left\" data-align=\"left\">Hakan G\u00d6RGEL<br>Kurumdaki G\u00f6revi: Meclis \u00dcyesi<\/td>\n<td class=\"has-text-align-left\" data-align=\"left\">Kahramanmara\u015f Ticaret Borsas\u0131<\/td>\n<\/tr>\n<tr>\n<td class=\"has-text-align-left\" data-align=\"left\">11-\u00dcye: \u0130lyas \u00c7AM&nbsp;<br>Kurumdaki G\u00f6revi: Y\u00f6netim Kurulu \u00dcyesi<\/td>\n<td class=\"has-text-align-left\" data-align=\"left\"><br>Kurumdaki G\u00f6revi:&nbsp;<\/td>\n<td class=\"has-text-align-left\" data-align=\"left\">Kahramanmara\u015f Ticaret Borsas\u0131<\/td>\n<\/tr>\n<tr>\n<td class=\"has-text-align-left\" data-align=\"left\">12-\u00dcye: Serhat YAY&nbsp;<br>Kurumdaki G\u00f6revi: Sanayi \u0130l M\u00fcd\u00fcr\u00fc<\/td>\n<td class=\"has-text-align-left\" data-align=\"left\">Abdulkadir \u00c7\u0130\u00c7EK<br>Kurumdaki G\u00f6revi:&nbsp;<\/td>\n<td class=\"has-text-align-left\" data-align=\"left\">Kahramanmara\u015f Valili\u011fi<\/td>\n<\/tr>\n<tr>\n<td class=\"has-text-align-left\" data-align=\"left\">13-\u00dcye: Neslihan ARMUT<br>Kurumdaki G\u00f6revi: Rehberlik ve Denetim Md<\/td>\n<td class=\"has-text-align-left\" data-align=\"left\">\n<h6>\n<ul>\n<li><span style=\"font-weight: normal;\">Mehmet AKPINAR<\/span><\/li>\n<\/ul>\n<\/h6>\n<\/td>\n<td class=\"has-text-align-left\" data-align=\"left\">\n<p>Kahramanmara\u015f Valili\u011fi<\/p>\n<\/td>\n<\/tr>\n<tr>\n<td class=\"has-text-align-left\" data-align=\"left\">14-\u00dcye: Ay\u015fe CESUR<br>Kurumdaki G\u00f6revi: Meclis \u00dcyesi<\/td>\n<td class=\"has-text-align-left\" data-align=\"left\">Fatma Zehra ASLANTA\u015e<br>Kurumdaki G\u00f6revi: Meclis \u00dcyesi<\/td>\n<td class=\"has-text-align-left\" data-align=\"left\">Oniki\u015fubat Belediyesi<\/td>\n<\/tr>\n<tr>\n<td class=\"has-text-align-left\" data-align=\"left\">15-\u00dcye: Mehmet DEM\u0130R<br>Kurumdaki G\u00f6revi: Belediye Ba\u015fkan Yard\u0131mc\u0131s\u0131<\/td>\n<td class=\"has-text-align-left\" data-align=\"left\">Muhammet Sait \u00d6ZAYDIN<br>Kurumdaki G\u00f6revi: Meclis \u00dcyesi<\/td>\n<td class=\"has-text-align-left\" data-align=\"left\">Dulkadiro\u011flu Belediyesi<\/td>\n<\/tr>\n<\/tbody>\n<\/table>\n<p>KBiBi<br><\/p>\n<\/figure>\n<p><!-- \/wp:table --><\/p>\t\t\t\t\t\t\t\t<\/div>\n\t\t\t\t<\/div>\n\t\t\t\t\t<\/div>\n\t\t<\/div>\n\t\t\t\t\t<\/div>\n\t\t<\/section>\n\t\t\t\t<\/div>\n\t\t","protected":false},"excerpt":{"rendered":"<p>OSB\u2019nin en \u00fcst karar organ\u0131d\u0131r. M\u00fcte\u015febbis heyet, OSB\u2019nin kurulu\u015funa kat\u0131lan kurum ve kurulu\u015flar\u0131n karar organlar\u0131nca, organlar\u0131nda g\u00f6revli olanlardan veya mensuplar\u0131 aras\u0131ndan tespit edilecek on be\u015f as\u0131l ve on be\u015f yedek \u00fcyeden olu\u015fur. M\u00dcTE\u015eEBB\u0130S HEYET ASIL \u00dcYELER\u0130 M\u00dcTE\u015eEBB\u0130S HEYET YEDEK \u00dcYELER\u0130 TEMS\u0130L ETT\u0130KLER\u0130 KURUM VE KURULU\u015e &nbsp;1-Ba\u015fkan:&nbsp;Erdo\u011fan Emrah HATUNO\u011eLUKurumdaki G\u00f6revi: D\u0131\u015f \u0130li\u015fkiler D.B. Ramazan \u00c7EL\u0130KKurumdaki G\u00f6revi:<\/p>\n","protected":false},"author":1,"featured_media":0,"parent":0,"menu_order":0,"comment_status":"closed","ping_status":"closed","template":"","meta":{"footnotes":""},"class_list":["post-27","page","type-page","status-publish","hentry"],"_links":{"self":[{"href":"https:\/\/kagiosb.org.tr\/index.php\/wp-json\/wp\/v2\/pages\/27","targetHints":{"allow":["GET"]}}],"collection":[{"href":"https:\/\/kagiosb.org.tr\/index.php\/wp-json\/wp\/v2\/pages"}],"about":[{"href":"https:\/\/kagiosb.org.tr\/index.php\/wp-json\/wp\/v2\/types\/page"}],"author":[{"embeddable":true,"href":"https:\/\/kagiosb.org.tr\/index.php\/wp-json\/wp\/v2\/users\/1"}],"replies":[{"embeddable":true,"href":"https:\/\/kagiosb.org.tr\/index.php\/wp-json\/wp\/v2\/comments?post=27"}],"version-history":[{"count":20,"href":"https:\/\/kagiosb.org.tr\/index.php\/wp-json\/wp\/v2\/pages\/27\/revisions"}],"predecessor-version":[{"id":17013,"href":"https:\/\/kagiosb.org.tr\/index.php\/wp-json\/wp\/v2\/pages\/27\/revisions\/17013"}],"wp:attachment":[{"href":"https:\/\/kagiosb.org.tr\/index.php\/wp-json\/wp\/v2\/media?parent=27"}],"curies":[{"name":"wp","href":"https:\/\/api.w.org\/{rel}","templated":true}]}}